{"id":12771,"date":"2020-01-08T16:03:27","date_gmt":"2020-01-08T16:03:27","guid":{"rendered":"https:\/\/crta.rs\/?page_id=12771"},"modified":"2026-02-09T11:16:34","modified_gmt":"2026-02-09T10:16:34","slug":"contact","status":"publish","type":"page","link":"https:\/\/crta.rs\/en\/contact\/","title":{"rendered":"Contact"},"content":{"rendered":"\n<h1  id=\"contact\">\n\t\t\tContact\t<\/h1>\n    <a href=\"mailto: office@crta.rs\">office@crta.rs<\/a>\n\t\n\t\n\t\n\t\n \n<form action=\"\/en\/?page_id=12771&#038;fl_builder#wpcf7-f8541-o1\" method=\"post\" aria-label=\"Contact form\" novalidate=\"novalidate\" data-status=\"init\">\n<fieldset><input type=\"hidden\" name=\"_wpcf7\" value=\"8541\" \/><input type=\"hidden\" name=\"_wpcf7_version\" value=\"6.1.4\" \/><input type=\"hidden\" name=\"_wpcf7_locale\" value=\"sr_RS\" \/><input type=\"hidden\" name=\"_wpcf7_unit_tag\" value=\"wpcf7-f8541-o1\" \/><input type=\"hidden\" name=\"_wpcf7_container_post\" value=\"0\" \/><input type=\"hidden\" name=\"_wpcf7_posted_data_hash\" value=\"\" \/><input type=\"hidden\" name=\"_wpcf7_recaptcha_response\" value=\"\" \/>\n<\/fieldset>\n\t\t\t<label> Your name<\/label><input size=\"40\" maxlength=\"400\" aria-invalid=\"false\" value=\"\" type=\"text\" name=\"first_last_name\" \/>\n\t\t\t\n\t\t\t<label> Organization<\/label><input size=\"40\" maxlength=\"400\" aria-invalid=\"false\" value=\"\" type=\"text\" name=\"organization_name\" \/>\n\t\t\t\n\t\t\t<label> Email *<\/label><input size=\"40\" maxlength=\"400\" aria-required=\"true\" aria-invalid=\"false\" value=\"\" type=\"email\" name=\"email-604\" \/>\n\t\t\t\n\t\t\t<label> Your phone<\/label><input size=\"40\" maxlength=\"400\" aria-invalid=\"false\" value=\"\" type=\"tel\" name=\"tel-915\" \/>\n\t\t\t\n\t\t\t<label> Subject<\/label><input size=\"40\" maxlength=\"400\" aria-invalid=\"false\" value=\"\" type=\"text\" name=\"subject\" \/>\n\t\t\t\n\t\t\t<label> Message * <\/label><textarea cols=\"40\" rows=\"10\" maxlength=\"2000\" aria-required=\"true\" aria-invalid=\"false\" name=\"content\"><\/textarea>\n\t\t\t\n\t\t\t<label>\n\t\t<iframe loading=\"lazy\" src=\"https:\/\/www.google.com\/recaptcha\/api\/fallback?k=6LciddMUAAAAAI2sbG43amb4N_G8rBSViIYG0vZm\" frameborder=\"0\" scrolling=\"no\" width=\"310\" height=\"430\">\n\t\t<\/iframe>\n\t\t<textarea name=\"g-recaptcha-response\" rows=\"3\" cols=\"40\" placeholder=\"reCaptcha Response Here\">\n\t\t<\/textarea>\n<\/label>\n\t\t\t\n\t\t\t<input type=\"submit\" value=\"Send\" \/>\n\t\t\t\n<\/form>\n\t\n\t\n\t\n\t\n<h2>\n\t\t\tFor media\t<\/h2>\n\t<p>If you need information about our activities or if you are interested in a statement or in an interview with one of our team members, please contact Bo\u017eana Opa\u010di\u0107 by sending an e-mail to the following address: <a href=\"mailto:bozana.opacic@crta.rs\">bozana.opacic@crta.rs<\/a> or by phone +381 63 510 162<\/p>\n\t<p>In 2018, CRTA received the Democracy Defender Award, globally awarded by the OSCE, for its outstanding contribution to promoting democracy and defending human rights.<\/p>\n\t\t\t<a href=\"\" target=\"_self\">\n\t\t\t\t\t\t\tSupport us\n\t\t\t\t\t<\/a>\n\n","protected":false},"excerpt":{"rendered":"<p>Contact office@crta.rs Your name Organization Email * Your phone Subject Message * For media If you need information about our activities or if you are interested in a statement or in an interview with one of our team members, please contact Bo\u017eana Opa\u010di\u0107 by sending an e-mail to the following address: bozana.opacic@crta.rs or by phone&#8230;<\/p>\n","protected":false},"author":1,"featured_media":0,"parent":0,"menu_order":0,"comment_status":"closed","ping_status":"closed","template":"","meta":{"_acf_changed":false,"footnotes":"","_links_to":"","_links_to_target":""},"class_list":["post-12771","page","type-page","status-publish","hentry","ciTrackContent"],"acf":[],"yoast_head":"<!-- This site is optimized with the Yoast SEO plugin v27.4 - https:\/\/yoast.com\/product\/yoast-seo-wordpress\/ -->\n<title>Contact - CRTA<\/title>\n<meta name=\"robots\" content=\"index, follow, max-snippet:-1, max-image-preview:large, max-video-preview:-1\" \/>\n<link rel=\"canonical\" href=\"https:\/\/crta.rs\/en\/contact\/\" \/>\n<meta property=\"og:locale\" content=\"en_US\" \/>\n<meta property=\"og:type\" content=\"article\" \/>\n<meta property=\"og:title\" content=\"Contact - CRTA\" \/>\n<meta property=\"og:description\" content=\"Contact office@crta.rs Your name Organization Email * Your phone Subject Message * For media If you need information about our activities or if you are interested in a statement or in an interview with one of our team members, please contact Bo\u017eana Opa\u010di\u0107 by sending an e-mail to the following address: bozana.opacic@crta.rs or by phone...\" \/>\n<meta property=\"og:url\" content=\"https:\/\/crta.rs\/en\/contact\/\" \/>\n<meta property=\"og:site_name\" content=\"CRTA\" \/>\n<meta property=\"article:publisher\" content=\"https:\/\/www.facebook.com\/CRTArs\/\" \/>\n<meta property=\"article:modified_time\" content=\"2026-02-09T10:16:34+00:00\" \/>\n<meta property=\"og:image\" content=\"https:\/\/crta.rs\/wp-content\/uploads\/2019\/03\/CRTA-logo.jpg\" \/>\n\t<meta property=\"og:image:width\" content=\"2400\" \/>\n\t<meta property=\"og:image:height\" content=\"1596\" \/>\n\t<meta property=\"og:image:type\" content=\"image\/jpeg\" \/>\n<meta name=\"twitter:card\" content=\"summary_large_image\" \/>\n<script type=\"application\/ld+json\" class=\"yoast-schema-graph\">{\"@context\":\"https:\\\/\\\/schema.org\",\"@graph\":[{\"@type\":\"WebPage\",\"@id\":\"https:\\\/\\\/crta.rs\\\/en\\\/contact\\\/\",\"url\":\"https:\\\/\\\/crta.rs\\\/en\\\/contact\\\/\",\"name\":\"Contact - CRTA\",\"isPartOf\":{\"@id\":\"https:\\\/\\\/crta.rs\\\/en\\\/#website\"},\"datePublished\":\"2020-01-08T16:03:27+00:00\",\"dateModified\":\"2026-02-09T10:16:34+00:00\",\"breadcrumb\":{\"@id\":\"https:\\\/\\\/crta.rs\\\/en\\\/contact\\\/#breadcrumb\"},\"inLanguage\":\"en-US\",\"potentialAction\":[{\"@type\":\"ReadAction\",\"target\":[\"https:\\\/\\\/crta.rs\\\/en\\\/contact\\\/\"]}]},{\"@type\":\"BreadcrumbList\",\"@id\":\"https:\\\/\\\/crta.rs\\\/en\\\/contact\\\/#breadcrumb\",\"itemListElement\":[{\"@type\":\"ListItem\",\"position\":1,\"name\":\"Home\",\"item\":\"https:\\\/\\\/crta.rs\\\/en\\\/\"},{\"@type\":\"ListItem\",\"position\":2,\"name\":\"Contact\"}]},{\"@type\":\"WebSite\",\"@id\":\"https:\\\/\\\/crta.rs\\\/en\\\/#website\",\"url\":\"https:\\\/\\\/crta.rs\\\/en\\\/\",\"name\":\"CRTA\",\"description\":\"Mi smo grupa aktivista i novinara koja zajedno sa gra\u0111anima uti\u010de na pove\u0107anje odgovornosti institucija i javnih funkcionera kroz pra\u0107enje i kontrolu njihovog rada.\",\"potentialAction\":[{\"@type\":\"SearchAction\",\"target\":{\"@type\":\"EntryPoint\",\"urlTemplate\":\"https:\\\/\\\/crta.rs\\\/en\\\/?s={search_term_string}\"},\"query-input\":{\"@type\":\"PropertyValueSpecification\",\"valueRequired\":true,\"valueName\":\"search_term_string\"}}],\"inLanguage\":\"en-US\"}]}<\/script>\n<!-- \/ Yoast SEO plugin. -->","yoast_head_json":{"title":"Contact - CRTA","robots":{"index":"index","follow":"follow","max-snippet":"max-snippet:-1","max-image-preview":"max-image-preview:large","max-video-preview":"max-video-preview:-1"},"canonical":"https:\/\/crta.rs\/en\/contact\/","og_locale":"en_US","og_type":"article","og_title":"Contact - CRTA","og_description":"Contact office@crta.rs Your name Organization Email * Your phone Subject Message * For media If you need information about our activities or if you are interested in a statement or in an interview with one of our team members, please contact Bo\u017eana Opa\u010di\u0107 by sending an e-mail to the following address: bozana.opacic@crta.rs or by phone...","og_url":"https:\/\/crta.rs\/en\/contact\/","og_site_name":"CRTA","article_publisher":"https:\/\/www.facebook.com\/CRTArs\/","article_modified_time":"2026-02-09T10:16:34+00:00","og_image":[{"width":2400,"height":1596,"url":"https:\/\/crta.rs\/wp-content\/uploads\/2019\/03\/CRTA-logo.jpg","type":"image\/jpeg"}],"twitter_card":"summary_large_image","schema":{"@context":"https:\/\/schema.org","@graph":[{"@type":"WebPage","@id":"https:\/\/crta.rs\/en\/contact\/","url":"https:\/\/crta.rs\/en\/contact\/","name":"Contact - CRTA","isPartOf":{"@id":"https:\/\/crta.rs\/en\/#website"},"datePublished":"2020-01-08T16:03:27+00:00","dateModified":"2026-02-09T10:16:34+00:00","breadcrumb":{"@id":"https:\/\/crta.rs\/en\/contact\/#breadcrumb"},"inLanguage":"en-US","potentialAction":[{"@type":"ReadAction","target":["https:\/\/crta.rs\/en\/contact\/"]}]},{"@type":"BreadcrumbList","@id":"https:\/\/crta.rs\/en\/contact\/#breadcrumb","itemListElement":[{"@type":"ListItem","position":1,"name":"Home","item":"https:\/\/crta.rs\/en\/"},{"@type":"ListItem","position":2,"name":"Contact"}]},{"@type":"WebSite","@id":"https:\/\/crta.rs\/en\/#website","url":"https:\/\/crta.rs\/en\/","name":"CRTA","description":"Mi smo grupa aktivista i novinara koja zajedno sa gra\u0111anima uti\u010de na pove\u0107anje odgovornosti institucija i javnih funkcionera kroz pra\u0107enje i kontrolu njihovog rada.","potentialAction":[{"@type":"SearchAction","target":{"@type":"EntryPoint","urlTemplate":"https:\/\/crta.rs\/en\/?s={search_term_string}"},"query-input":{"@type":"PropertyValueSpecification","valueRequired":true,"valueName":"search_term_string"}}],"inLanguage":"en-US"}]}},"_links":{"self":[{"href":"https:\/\/crta.rs\/en\/wp-json\/wp\/v2\/pages\/12771","targetHints":{"allow":["GET"]}}],"collection":[{"href":"https:\/\/crta.rs\/en\/wp-json\/wp\/v2\/pages"}],"about":[{"href":"https:\/\/crta.rs\/en\/wp-json\/wp\/v2\/types\/page"}],"author":[{"embeddable":true,"href":"https:\/\/crta.rs\/en\/wp-json\/wp\/v2\/users\/1"}],"replies":[{"embeddable":true,"href":"https:\/\/crta.rs\/en\/wp-json\/wp\/v2\/comments?post=12771"}],"version-history":[{"count":11,"href":"https:\/\/crta.rs\/en\/wp-json\/wp\/v2\/pages\/12771\/revisions"}],"predecessor-version":[{"id":44242,"href":"https:\/\/crta.rs\/en\/wp-json\/wp\/v2\/pages\/12771\/revisions\/44242"}],"wp:attachment":[{"href":"https:\/\/crta.rs\/en\/wp-json\/wp\/v2\/media?parent=12771"}],"curies":[{"name":"wp","href":"https:\/\/api.w.org\/{rel}","templated":true}]}}